{"id":809,"date":"2022-06-07T16:36:05","date_gmt":"2022-06-07T14:36:05","guid":{"rendered":"https:\/\/portal.nacr.cz\/cro\/?page_id=809"},"modified":"2025-04-30T08:29:30","modified_gmt":"2025-04-30T06:29:30","slug":"metodicke-seminare","status":"publish","type":"page","link":"https:\/\/portal.nacr.cz\/cro\/metodicke-seminare\/","title":{"rendered":"Metodick\u00e9 semin\u00e1\u0159e"},"content":{"rendered":"\n<p><a href=\"#spis\" data-type=\"internal\" data-id=\"#spis\">Spisov\u00e1 slu\u017eba a v\u00fdb\u011br archiv\u00e1li\u00ed<\/a> | <a href=\"#nsesss\" data-type=\"internal\" data-id=\"#nsesss\">V\u00fdb\u011br archiv\u00e1li\u00ed z&nbsp;elektronick\u00fdch syst\u00e9m\u016f spisov\u00e9 slu\u017eby (IS odpov\u00eddaj\u00edc\u00edch NSESSS)<\/a> | <a href=\"#mimo\" data-type=\"internal\" data-id=\"#mimo\">V\u00fdb\u011br archiv\u00e1li\u00ed mimo syst\u00e9my spisov\u00e9 slu\u017eby<\/a> | <a href=\"#darchiv\" data-type=\"internal\" data-id=\"#darchiv\">Digit\u00e1ln\u00ed archivy a digital preservation<\/a><\/p>\n\n\n\n<h2 class=\"has-white-color has-cyan-bluish-gray-background-color has-text-color has-background has-normal-font-size\" id=\"darchiv\">Digit\u00e1ln\u00ed archivy a digital preservation<\/h2>\n\n\n\n<p><strong>Form\u00e1tov\u00e1 politika pro komplexn\u00ed digit\u00e1ln\u00ed objekty; Zby\u0161ek Stod\u016flka<\/strong><\/p>\n\n\n\n<p><a href=\"https:\/\/www.skipcr.cz\/knihovnicke-akce\/archivy-knihovny-muzea-v-digitalnim-svete\/2023-24-rocnik\/program\">https:\/\/www.skipcr.cz\/knihovnicke-akce\/archivy-knihovny-muzea-v-digitalnim-svete\/2023-24-rocnik\/program<\/a><\/p>\n\n\n\n<p>prezentace:<\/p>\n\n\n\n<p><a href=\"https:\/\/www.skipcr.cz\/sites\/default\/files\/documents\/2023-12\/34_Stodulka_2023.pdf\" target=\"_blank\" rel=\"noreferrer noopener\">https:\/\/www.skipcr.cz\/sites\/default\/files\/documents\/2023-12\/34_Stodulka_2023.pdf<\/a><\/p>\n\n\n\n<p><strong>(Archivy, knihovny, muzea v digit\u00e1ln\u00edm sv\u011bt\u011b, 24. ro\u010dn\u00edk; 30. 11. 2023)<\/strong><\/p>\n\n\n\n<hr class=\"wp-block-separator\"\/>\n\n\n\n<p><strong>Is deadly file format cocktail inevitable?<br>Archiving by Design instead of a time machine; Zby\u0161ek Stod\u016flka<\/strong><\/p>\n\n\n\n<p><a href=\"https:\/\/www.dlmforum.eu\/files\/events\/2023Salamanca\/Salamanca_programme_261023.pdf\">https:\/\/www.dlmforum.eu\/files\/events\/2023Salamanca\/Salamanca_programme_261023.pdf<\/a><\/p>\n\n\n\n<p><strong>(Triennal DLM Forum Conference and eArchiving Initiative Summit; 23. &#8211; 23. 10. 2023<\/strong>)<\/p>\n\n\n\n<hr class=\"wp-block-separator\"\/>\n\n\n\n<p><strong>Open data, the preservation challenge?; Martin Rechtorik<\/strong><\/p>\n\n\n\n<p><a href=\"https:\/\/www.dlmforum.eu\/files\/events\/2023Salamanca\/Salamanca_programme_261023.pdf\">https:\/\/www.dlmforum.eu\/files\/events\/2023Salamanca\/Salamanca_programme_261023.pdf<\/a><\/p>\n\n\n\n<p><strong>(Triennal DLM Forum Conference and eArchiving Initiative Summit; 23. &#8211; 23. 10. 2023<\/strong>)<\/p>\n\n\n\n<hr class=\"wp-block-separator\"\/>\n\n\n\n<p><strong>Aktivity N\u00e1rodn\u00edho digit\u00e1ln\u00edho archivu; Pavl\u00edna Nimrichtrov\u00e1, Ji\u0159\u00ed Bernas<\/strong><\/p>\n\n\n\n<figure class=\"wp-block-embed-youtube wp-block-embed is-type-video is-provider-youtube wp-embed-aspect-16-9 wp-has-aspect-ratio\"><div class=\"wp-block-embed__wrapper\">\nhttps:\/\/www.youtube.com\/watch?v=8CpzNQTiN6k&#038;list=PLQosAX7lp0XBHpDMSfFBJAYXO4DCf2P6e&#038;index=1\n<\/div><\/figure>\n\n\n\n<p><strong>(Konference CNZ 2023; 3. 10. 2023)<\/strong><\/p>\n\n\n\n<hr class=\"wp-block-separator\"\/>\n\n\n\n<p><strong>Zpr\u00e1va o stavu N\u00e1rodn\u00edho digit\u00e1ln\u00edho archivu, Ji\u0159\u00ed Bernas<\/strong><\/p>\n\n\n\n<p><a href=\"https:\/\/2023.isss.cz\/program\/\">https:\/\/2023.isss.cz\/program\/<\/a><\/p>\n\n\n\n<p><a rel=\"noreferrer noopener\" href=\"https:\/\/archiv.isss.cz\/archiv\/2023\/download\/prezentace\/narodni-archiv_bernas.pdf\" target=\"_blank\">Prezentace<\/a> (PDF; 671 kB)<\/p>\n\n\n\n<p><a rel=\"noreferrer noopener\" href=\"https:\/\/archiv.isss.cz\/archiv\/2023\/download\/audio\/po_ps_blok0900--0945_2-bernas.mp3\" target=\"_blank\">Zvukov\u00fd z\u00e1znam<\/a> (MP3; 14,3 MB)<\/p>\n\n\n\n<p><strong>(Konference ISSS 2023, 15. 5. 2023)<\/strong><\/p>\n\n\n\n<hr class=\"wp-block-separator\"\/>\n\n\n\n<p><strong>The Story of the National Digital Archives of the Czech Republic; Pavl\u00edna Nimrichtrov\u00e1<\/strong><\/p>\n\n\n\n<p><a href=\"https:\/\/www.mvcr.cz\/soubor\/02-44th-ebna-meeting-nimrichtrova-pavlina-story-of-national-digital-archives-of-cz-pdf.aspx\" target=\"_blank\" rel=\"noreferrer noopener\">Prezentace<\/a><\/p>\n\n\n\n<p><strong>44th EBNA Meeting, 8. 11. 2022<\/strong><\/p>\n\n\n\n<hr class=\"wp-block-separator\"\/>\n\n\n\n<p><strong>Zpr\u00e1va o stavu N\u00e1rodn\u00edho digit\u00e1ln\u00edho archivu, Ji\u0159\u00ed Bernas<\/strong><\/p>\n\n\n\n<p><a href=\"https:\/\/www.isss.cz\/list\/program\">https:\/\/www.isss.cz\/list\/program<\/a><\/p>\n\n\n\n<p><a href=\"https:\/\/www.isss.cz\/archiv\/2022\/download\/audio\/ssda_7bernas.mp3\" data-type=\"URL\" data-id=\"https:\/\/www.isss.cz\/archiv\/2022\/download\/audio\/ssda_7bernas.mp3\">zvukov\u00fd z\u00e1znam<\/a> (MP3, 9,9 MB)<\/p>\n\n\n\n<p><a href=\"https:\/\/www.isss.cz\/archiv\/2022\/download\/prezentace\/narodni-archiv_bernas.pdf\">prezentace<\/a> (PDF\/A, 4,37 MB) <\/p>\n\n\n\n<p><strong>(Konference ISSS 2022, 16. 5. 2022)<\/strong><\/p>\n\n\n\n<p class=\"has-white-color has-cyan-bluish-gray-background-color has-text-color has-background\" id=\"spis\"><strong>Spisov\u00e1 slu\u017eba a v\u00fdb\u011br archiv\u00e1li\u00ed obecn\u011b<\/strong><\/p>\n\n\n\n<p><strong>Resilience spr\u00e1vy dokument\u016f ve sv\u011btle prom\u011bny bezpe\u010dnostn\u00edch hrozeb, Zby\u0161ek Stod\u016flka<\/strong><\/p>\n\n\n\n<p><em>Zaji\u0161t\u011bn\u00ed dostupnosti a autenticity dokument\u016f z \u010dinnosti ve\u0159ejn\u00e9 spr\u00e1vy je kl\u00ed\u010dov\u00fdm aspektem pro kontrolu jej\u00ed \u010dinnosti a vytv\u00e1\u0159en\u00ed d\u016fv\u011bry ze strany ve\u0159ejnosti. Problematika resilience (odolnosti) spr\u00e1vy dokument\u016f vy\u017eaduje komplexn\u00ed p\u0159\u00edstup a zapojen\u00ed \u0159ady akt\u00e9r\u016f, kte\u0159\u00ed se pod\u00edlej\u00ed na informa\u010dn\u00edm managementu t\u011bchto instituc\u00ed. P\u0159\u00edsp\u011bvek p\u0159in\u00e1\u0161\u00ed sou\u010dasnou reflexi vnit\u0159n\u00edch i vn\u011bj\u0161\u00edch rizik, se kter\u00fdmi je t\u0159eba se p\u0159i t\u00e9to \u010dinnosti vyrovnat.<\/em><\/p>\n\n\n\n<p><a href=\"https:\/\/www.isss.cz\/list\/program\">https:\/\/www.isss.cz\/list\/program<\/a><\/p>\n\n\n\n<p><a href=\"https:\/\/www.isss.cz\/archiv\/2022\/download\/audio\/ssda_1stodulka.mp3\">zvukov\u00fd z\u00e1znam<\/a> (MP3, 13,8 MB)<\/p>\n\n\n\n<p><a href=\"https:\/\/www.isss.cz\/archiv\/2022\/download\/prezentace\/narodni-archiv_stodulka.pdf\">prezentace<\/a> (PDF, 650 kB)<\/p>\n\n\n\n<p><\/p>\n\n\n\n<p><strong>(Konference ISSS 2022, 16. 5. 2022)<\/strong><\/p>\n\n\n\n<hr class=\"wp-block-separator\"\/>\n\n\n\n<p class=\"has-white-color has-cyan-bluish-gray-background-color has-text-color has-background\" id=\"nsesss\"><strong>V\u00fdb\u011br archiv\u00e1li\u00ed z&nbsp;elektronick\u00fdch syst\u00e9m\u016f spisov\u00e9 slu\u017eby (IS odpov\u00eddaj\u00edc\u00edch NSESSS)<\/strong><\/p>\n\n\n\n<p><strong>Elektronick\u00e9 skarta\u010dn\u00ed \u0159\u00edzen\u00ed v prost\u0159ed\u00ed N\u00e1rodn\u00edho archivn\u00edho port\u00e1lu, Ji\u0159\u00ed Bernas, Ji\u0159\u00ed Jir\u00e1\u010dek, Pavl\u00edna Nimrichtrov\u00e1, Linda \u0158ezn\u00ed\u010dkov\u00e1<\/strong><\/p>\n\n\n\n<p><em>Webin\u00e1\u0159 pro u\u017eivatele N\u00e1rodn\u00edho archivn\u00edho port\u00e1lu k elektronick\u00fdm skarta\u010dn\u00edm \u0159\u00edzen\u00edm.<\/em><\/p>\n\n\n\n<figure class=\"wp-block-embed-wordpress wp-block-embed is-type-wp-embed is-provider-narp\"><div class=\"wp-block-embed__wrapper\">\n<blockquote class=\"wp-embedded-content\" data-secret=\"FfTkC2v7Yb\"><a href=\"https:\/\/portal.nacr.cz\/cro\/webinar-pro-puvodce-3-5-2022\/\">Webin\u00e1\u0159 pro p\u016fvodce 3. 5. 2022<\/a><\/blockquote><iframe class=\"wp-embedded-content\" sandbox=\"allow-scripts\" security=\"restricted\" style=\"position: absolute; clip: rect(1px, 1px, 1px, 1px);\" title=\"&#8222;Webin\u00e1\u0159 pro p\u016fvodce 3. 5. 2022&#8220; &#8212; NARP\" src=\"https:\/\/portal.nacr.cz\/cro\/webinar-pro-puvodce-3-5-2022\/embed\/#?secret=FfTkC2v7Yb\" data-secret=\"FfTkC2v7Yb\" width=\"500\" height=\"282\" frameborder=\"0\" marginwidth=\"0\" marginheight=\"0\" scrolling=\"no\"><\/iframe>\n<\/div><\/figure>\n\n\n\n<p><a href=\"https:\/\/youtu.be\/SwdDEIaKfCo\">https:\/\/youtu.be\/SwdDEIaKfCo<\/a><\/p>\n\n\n\n<p><strong>(Webin\u00e1\u0159 N\u00e1rodn\u00edho archivu, 3. 5. 2022)<\/strong><\/p>\n\n\n\n<hr class=\"wp-block-separator\"\/>\n\n\n\n<p><strong>Valid\u00e1tor datov\u00fdch bal\u00ed\u010dk\u016f SIP N\u00e1rodn\u00edho archivu a zku\u0161enosti z&nbsp;jeho provozu; Pavl\u00edna Nimrichtrov\u00e1<\/strong><strong><\/strong><\/p>\n\n\n\n<p><a href=\"https:\/\/www.youtube.com\/watch?v=84RKTTB_hiw\">https:\/\/www.youtube.com\/watch?v=84RKTTB_hiw<\/a><\/p>\n\n\n\n<div class=\"wp-block-file\"><a href=\"https:\/\/portal.nacr.cz\/cro\/wp-content\/uploads\/2022\/06\/Validator-SIP-NA2021_Fi.pdf\">Prezentace<\/a><a href=\"https:\/\/portal.nacr.cz\/cro\/wp-content\/uploads\/2022\/06\/Validator-SIP-NA2021_Fi.pdf\" class=\"wp-block-file__button\" download>PDF\/A<\/a><\/div>\n\n\n\n<p><strong>(Semin\u00e1\u0159 spolek \u201eCo po n\u00e1s zbude\u201c, 8. 2. 2022)<\/strong><\/p>\n\n\n\n<p class=\"has-white-color has-cyan-bluish-gray-background-color has-text-color has-background\" id=\"mimo\"><strong>V\u00fdb\u011br archiv\u00e1li\u00ed mimo syst\u00e9my spisov\u00e9 slu\u017eby<\/strong><\/p>\n\n\n\n<p><strong>Semin\u00e1\u0159 N\u00e1rodn\u00edho archivu k V\u00fdb\u011bru z voln\u00fdch soubor\u016f, Miroslav Kunt<\/strong><\/p>\n\n\n\n<p><em>Dne 29. 4. 2025 uspo\u0159\u00e1dal N\u00e1rodn\u00ed archiv semin\u00e1\u0159 pro archiv\u00e1\u0159e V\u00fdb\u011br z voln\u00fdch soubor\u016f<\/em><\/p>\n\n\n\n<div class=\"wp-block-file\"><a href=\"https:\/\/portal.nacr.cz\/cro\/wp-content\/uploads\/2025\/04\/20250425_VolneSoubory.pdf\">PREZENTACE<\/a><a href=\"https:\/\/portal.nacr.cz\/cro\/wp-content\/uploads\/2025\/04\/20250425_VolneSoubory.pdf\" class=\"wp-block-file__button\" download>PDF &#8211; 1,9 MB<\/a><\/div>\n\n\n\n<p><a href=\"https:\/\/us02web.zoom.us\/rec\/share\/YrbGTKwZ7TVQ27HA6Pd8bOO6aSP1b-NTojpiCSQkGQAJJlxuE3o208AqZHKKNmlP.XI_cZSJC4elDcGwG?startTime=1745928153000 Passcode: N=?tp4z5\">Z\u00e1znam<\/a> (1:34 hod.)<\/p>\n\n\n\n<p>(Semin\u00e1\u0159 N\u00e1rodn\u00edho archivu 29. 4. 2025)<\/p>\n\n\n\n<p> <\/p>\n\n\n\n<p><strong>DLM F\u00f3rum \u2013 Automatizovan\u00e1 archivace otev\u0159en\u00fdch prostorov\u00fdch dat; Martin Rechtorik<\/strong><\/p>\n\n\n\n<p><em>Dne 24.1.&nbsp;2024 uspo\u0159\u00e1dal N\u00e1rodn\u00ed archiv webin\u00e1\u0159 pro DLM Forum&nbsp;<a rel=\"noreferrer noopener\" href=\"https:\/\/www.dlmforum.eu\/index.php\/all-events\/149-webinars-2024\" target=\"_blank\">o automatizaci archivace otev\u0159en\u00fdch prostorov\u00fdch dat<\/a>&nbsp;pod veden\u00edm Martin Rechtorika.<\/em><\/p>\n\n\n\n<p><strong>(Webin\u00e1\u0159 DLM F\u00f3ra 24. 1. 2024)<\/strong><\/p>\n\n\n\n<hr class=\"wp-block-separator\"\/>\n\n\n\n<p><strong>V\u00fdb\u011br digit\u00e1ln\u00edho obsahu k uchov\u00e1n\u00ed nejsou jen elektronick\u00e9 skartace; Miroslav Kunt, Zby\u0161ek Stod\u016flka, Martin Rechtorik<\/strong><\/p>\n\n\n\n<p><em>Debata nad zaj\u00edmav\u00fdmi projekty dlouhodob\u00e9ho uchov\u00e1v\u00e1n\u00ed elektronick\u00e9ho obsahu.<\/em><\/p>\n\n\n\n<figure class=\"wp-block-embed-youtube wp-block-embed is-type-video is-provider-youtube wp-embed-aspect-16-9 wp-has-aspect-ratio\"><div class=\"wp-block-embed__wrapper\">\nhttps:\/\/www.youtube.com\/watch?v=mF_mQ8NkphE&#038;list=PLQosAX7lp0XBHpDMSfFBJAYXO4DCf2P6e&#038;index=5\n<\/div><\/figure>\n\n\n\n<p><strong>(Konference CNZ 2023; 3. 10. 2023)<\/strong><\/p>\n\n\n\n<hr class=\"wp-block-separator\"\/>\n\n\n\n<p><strong>Archivace \u010desk\u00fdch \u00fa\u010dt\u016f soci\u00e1ln\u00ed s\u00edt\u011b Twitter, Martin Rechtorik<\/strong><\/p>\n\n\n\n<p><em>P\u0159edstaven\u00ed b\u011b\u017e\u00edc\u00edho workflow.<\/em><\/p>\n\n\n\n<p>Prezentace:<\/p>\n\n\n\n<p><a href=\"https:\/\/www.skipcr.cz\/sites\/default\/files\/documents\/2022-12\/20_Rechtorik_2022.pdf\">https:\/\/www.skipcr.cz\/sites\/default\/files\/documents\/2022-12\/20_Rechtorik_2022.pdf<\/a><\/p>\n\n\n\n<p><strong>(Archivy, knihovny, muzea v digit\u00e1ln\u00edm sv\u011bt\u011b, 23. ro\u010dn\u00edk; 1. 12. 2022)<\/strong><\/p>\n\n\n\n<hr class=\"wp-block-separator\"\/>\n\n\n\n<p><strong>Archivace prostorov\u00fdch dat; Pavl\u00edna Nimrichtrov\u00e1<\/strong><\/p>\n\n\n\n<p>Prezentace projektu, jeho v\u00fdsledk\u016f a p\u0159ipraven\u00fdch postup\u016f k ukl\u00e1d\u00e1n\u00ed prostorov\u00fdch dat.<\/p>\n\n\n\n<p><a href=\"https:\/\/www.skipcr.cz\/sites\/default\/files\/documents\/2022-12\/22_Nimrichtrova_2022_0.pdf\">https:\/\/www.skipcr.cz\/sites\/default\/files\/documents\/2022-12\/22_Nimrichtrova_2022_0.pdf<\/a><\/p>\n\n\n\n<p><strong>(Archivy, knihovny, muzea v digit\u00e1ln\u00edm sv\u011bt\u011b, 23. ro\u010dn\u00edk; 1. 12. 2022)<\/strong><\/p>\n\n\n\n<hr class=\"wp-block-separator\"\/>\n\n\n\n<p><strong>Archivace datab\u00e1z\u00ed, na co pot\u0159ebujeme ten SIARD, Martin Rechtorik<\/strong><\/p>\n\n\n\n<hr class=\"wp-block-separator\"\/>\n\n\n\n<p><em>S rychle postupuj\u00edc\u00ed digitalizac\u00ed nap\u0159\u00ed\u010d statn\u00ed spr\u00e1vou i samospr\u00e1vou \u010del\u00ed NA \u2013 digit\u00e1ln\u00ed archiv pot\u0159eb\u011b archivovat cel\u00e9 nebo jen \u010d\u00e1sti informa\u010dn\u00edch syst\u00e9m\u016f, datab\u00e1z\u00ed, nebo\u0165 archivace t\u011bchto dat pomoc\u00ed bal\u00ed\u010dk\u016f SIP dle NSESSS je bu\u010f zbyte\u010dn\u011b slo\u017eit\u00e1 a nebo v\u016fbec ned\u00e1v\u00e1 smysl. Na z\u00e1klad\u011b n\u011bkolika pilotn\u00edch projekt\u016f chce NA p\u0159edstavit odborn\u00e9 ve\u0159ejnosti d\u016fvody, mo\u017enosti, n\u00e1stroje a postupy, jak archivovat datab\u00e1ze, aby se vhodn\u00e1 mo\u017enost zohlednila ji\u017e ve f\u00e1zi zav\u00e1d\u011bn\u00ed syst\u00e9m\u016f do provozu. Tento proces se naz\u00fdv\u00e1 \u201eArchiving by design\u201c a jeho d\u016fle\u017eitost je \u010d\u00edm d\u00e1l v\u00edce z\u0159eteln\u011bj\u0161\u00ed.<\/em><\/p>\n\n\n\n<p><a href=\"https:\/\/www.isss.cz\/list\/program\">https:\/\/www.isss.cz\/list\/program<\/a><\/p>\n\n\n\n<p><a href=\"https:\/\/www.isss.cz\/archiv\/2022\/download\/audio\/ssda_18rechtorik.mp3\">zvukov\u00fd z\u00e1znam<\/a> (MP3, 5,9 MB)<\/p>\n\n\n\n<p><a href=\"https:\/\/www.isss.cz\/archiv\/2022\/download\/prezentace\/narodni-archiv_rechtorik.pdf\">prezentace<\/a> (PDF, 1,3 MB)<\/p>\n\n\n\n<p><strong>(Konference ISSS 2022, 16. 5. 2022)<\/strong><\/p>\n\n\n\n<hr class=\"wp-block-separator\"\/>\n\n\n\n<p><strong>Archivace twitterov\u00fdch \u00fa\u010dt\u016f, Martin Rechtorik<\/strong><\/p>\n\n\n\n<p><em>N\u00e1rodn\u00ed skl\u00edz\u00ed vybran\u00e9 twitterov\u00e9 \u00fa\u010dty a svou zku\u0161enost p\u0159edstavil na webin\u00e1\u0159i platformy DLM f\u00f3rum \u201eHarvesting data from Twitter\u201c<\/em><\/p>\n\n\n\n<p><a href=\"https:\/\/www.dlmforum.eu\/index.php\/all-events\/134-webinars-2022\">https:\/\/www.dlmforum.eu\/index.php\/all-events\/134-webinars-2022<\/a><\/p>\n\n\n\n<p><strong>(Webin\u00e1\u0159 DLM f\u00f3ra, 20. 4. 2022)<\/strong><\/p>\n","protected":false},"excerpt":{"rendered":"Spisov\u00e1 slu\u017eba a v\u00fdb\u011br archiv\u00e1li\u00ed | V\u00fdb\u011br archiv\u00e1li\u00ed z&nbsp;elektronick\u00fdch syst\u00e9m\u016f spisov\u00e9 slu\u017eby (IS odpov\u00eddaj\u00edc\u00edch NSESSS) | V\u00fdb\u011br archiv\u00e1li\u00ed mimo syst\u00e9my spisov\u00e9 slu\u017eby | Digit\u00e1ln\u00ed archivy a digital preservation Digit\u00e1ln\u00ed archivy a digital preservation Form\u00e1tov\u00e1 politika pro komplexn\u00ed digit\u00e1ln\u00ed objekty; Zby\u0161ek Stod\u016flka https:\/\/www.skipcr.cz\/knihovnicke-akce\/archivy-knihovny-muzea-v-digitalnim-svete\/2023-24-rocnik\/program prezentace: https:\/\/www.skipcr.cz\/sites\/default\/files\/documents\/2023-12\/34_Stodulka_2023.pdf (Archivy, knihovny, muzea v digit\u00e1ln\u00edm sv\u011bt\u011b, 24. ro\u010dn\u00edk; 30. 11. 2023) [&hellip;]","protected":false},"author":3,"featured_media":0,"parent":0,"menu_order":0,"comment_status":"closed","ping_status":"closed","template":"page-templates\/page-container.php","meta":[],"_links":{"self":[{"href":"https:\/\/portal.nacr.cz\/cro\/wp-json\/wp\/v2\/pages\/809"}],"collection":[{"href":"https:\/\/portal.nacr.cz\/cro\/wp-json\/wp\/v2\/pages"}],"about":[{"href":"https:\/\/portal.nacr.cz\/cro\/wp-json\/wp\/v2\/types\/page"}],"author":[{"embeddable":true,"href":"https:\/\/portal.nacr.cz\/cro\/wp-json\/wp\/v2\/users\/3"}],"replies":[{"embeddable":true,"href":"https:\/\/portal.nacr.cz\/cro\/wp-json\/wp\/v2\/comments?post=809"}],"version-history":[{"count":32,"href":"https:\/\/portal.nacr.cz\/cro\/wp-json\/wp\/v2\/pages\/809\/revisions"}],"predecessor-version":[{"id":1445,"href":"https:\/\/portal.nacr.cz\/cro\/wp-json\/wp\/v2\/pages\/809\/revisions\/1445"}],"wp:attachment":[{"href":"https:\/\/portal.nacr.cz\/cro\/wp-json\/wp\/v2\/media?parent=809"}],"curies":[{"name":"wp","href":"https:\/\/api.w.org\/{rel}","templated":true}]}}